{"articles":[{"classes":["outercol"],"isFavourite":false,"isExternalUrl":{"articleLink":false},"articleListButtonsData":{"buttonsList":[{"label":"Strategisk N\u00e6ringsplan i kommunestyret 260326","url":"true","type":"readmore"}],"mode":"default"},"favouriteType":null,"mnu":null,"section":null,"displayId":true,"docId":6635,"identifier":"6635Article","docType":"Article","customDate":false,"teaserData":{"teaserText":"Mot 30\u202f000 innbyggere i 2040","mode":"default"},"content":{"teaser":"Mot 30\u202f000 innbyggere i 2040","intro":"Narvik kommune har vedtatt en ny strategisk n\u00e6ringsplan for perioden 2026\u20132030. Planen peker ut retning og prioriteringer for n\u00e6ringsutviklingen, og er et viktig verkt\u00f8y for \u00e5 n\u00e5 kommunens langsiktige visjon: 30\u202f000 innbyggere i Narvik i 2040.\r\nDen strategiske n\u00e6ringsplanen bygger p\u00e5 Narviks unike konkurransefortrinn og legger til rette for b\u00e6rekraftig vekst, nye arbeidsplasser og \u00f8kt attraktivitet \u2013 b\u00e5de for n\u00e6ringsliv, innbyggere og bes\u00f8kende."},"titles":{"main":"Strategisk n\u00e6ringsplan for Narvik kommune 2026\u20132030","readMoreButton":"Strategisk N\u00e6ringsplan i kommunestyret 260326"},"urls":{"readMore":"true","booking":null},"created":{"date":"08.04.2026","time":"11:02","timestamp":1775638933},"introAllowHtml":false,"hasTicket":false,"extra":null,"hasReadMore":true,"media":{"imageData":{"path":"\/sites\/f\/futurum.no\/files\/2026\/04\/strategisk_n__ringsplan_forsidebilde.jpg","width":1431,"height":2023,"aspectRatio":0.7073652990608008},"previewImageUrl":"\/sites\/f\/futurum.no\/files\/2026\/04\/strategisk_n__ringsplan_forsidebilde.jpg?cropToFit=100x59&quality=50","imageVariants":[{"path":"\/sites\/f\/futurum.no\/files\/2026\/04\/strategisk_n__ringsplan_forsidebilde.jpg?cropToFit=100x59&quality=75","width":100,"height":59,"aspectRatio":1.694915254237288},{"path":"\/sites\/f\/futurum.no\/files\/2026\/04\/strategisk_n__ringsplan_forsidebilde.jpg?cropToFit=200x118&quality=75","width":200,"height":118,"aspectRatio":1.694915254237288},{"path":"\/sites\/f\/futurum.no\/files\/2026\/04\/strategisk_n__ringsplan_forsidebilde.jpg?cropToFit=400x235&quality=75","width":400,"height":235,"aspectRatio":1.702127659574468},{"path":"\/sites\/f\/futurum.no\/files\/2026\/04\/strategisk_n__ringsplan_forsidebilde.jpg?cropToFit=600x353&quality=75","width":600,"height":353,"aspectRatio":1.6997167138810199},{"path":"\/sites\/f\/futurum.no\/files\/2026\/04\/strategisk_n__ringsplan_forsidebilde.jpg?cropToFit=800x471&quality=75","width":800,"height":471,"aspectRatio":1.6985138004246285},{"path":"\/sites\/f\/futurum.no\/files\/2026\/04\/strategisk_n__ringsplan_forsidebilde.jpg?cropToFit=1000x588&quality=75","width":1000,"height":588,"aspectRatio":1.7006802721088434},{"path":"\/sites\/f\/futurum.no\/files\/2026\/04\/strategisk_n__ringsplan_forsidebilde.jpg?cropToFit=1200x706&quality=75","width":1200,"height":706,"aspectRatio":1.6997167138810199}],"image":"\/sites\/f\/futurum.no\/files\/2026\/04\/strategisk_n__ringsplan_forsidebilde.jpg","aspect":1.694915254237288,"type":"image","description":"Bildet er fra en av konsertene under festivalen Haikj\u00e6ften i Narvik. Bildet er tatt mot scenen med "},"additionalData":[]},{"classes":["outercol"],"isFavourite":false,"isExternalUrl":{"articleLink":false},"articleListButtonsData":{"buttonsList":[{"label":"Les mer","url":"\/no\/?Article=6520","type":"readmore"}],"mode":"default"},"favouriteType":null,"mnu":null,"section":null,"displayId":true,"docId":6520,"identifier":"6520Article","docType":"Article","customDate":false,"teaserData":{"teaserText":"","mode":"default"},"content":{"teaser":"","intro":"For 2026 vil s\u00f8knader som s\u00e6rlig bygger opp reiselivsn\u00e6ringen mot VM i 2029 bli prioritert."},"titles":{"main":"N\u00e6ringsfondet 2026","readMoreButton":"Les mer"},"urls":{"readMore":"\/no\/?Article=6520","booking":null},"created":{"date":"16.01.2026","time":"08:51","timestamp":1768549864},"introAllowHtml":false,"hasTicket":false,"extra":null,"hasReadMore":true,"media":{"imageData":{"path":"\/sites\/f\/futurum.no\/files\/2025\/08\/IMG_2232_1.JPG","width":5184,"height":3456,"aspectRatio":1.5},"previewImageUrl":"\/sites\/f\/futurum.no\/files\/2025\/08\/IMG_2232_1.JPG?cropToFit=100x59&quality=50","imageVariants":[{"path":"\/sites\/f\/futurum.no\/files\/2025\/08\/IMG_2232_1.JPG?cropToFit=100x59&quality=75","width":100,"height":59,"aspectRatio":1.694915254237288},{"path":"\/sites\/f\/futurum.no\/files\/2025\/08\/IMG_2232_1.JPG?cropToFit=200x118&quality=75","width":200,"height":118,"aspectRatio":1.694915254237288},{"path":"\/sites\/f\/futurum.no\/files\/2025\/08\/IMG_2232_1.JPG?cropToFit=400x235&quality=75","width":400,"height":235,"aspectRatio":1.702127659574468},{"path":"\/sites\/f\/futurum.no\/files\/2025\/08\/IMG_2232_1.JPG?cropToFit=600x353&quality=75","width":600,"height":353,"aspectRatio":1.6997167138810199},{"path":"\/sites\/f\/futurum.no\/files\/2025\/08\/IMG_2232_1.JPG?cropToFit=800x471&quality=75","width":800,"height":471,"aspectRatio":1.6985138004246285},{"path":"\/sites\/f\/futurum.no\/files\/2025\/08\/IMG_2232_1.JPG?cropToFit=1000x588&quality=75","width":1000,"height":588,"aspectRatio":1.7006802721088434},{"path":"\/sites\/f\/futurum.no\/files\/2025\/08\/IMG_2232_1.JPG?cropToFit=1200x706&quality=75","width":1200,"height":706,"aspectRatio":1.6997167138810199}],"image":"\/sites\/f\/futurum.no\/files\/2025\/08\/IMG_2232_1.JPG","aspect":1.694915254237288,"type":"image","description":null},"additionalData":[]},{"classes":["outercol"],"isFavourite":false,"isExternalUrl":{"articleLink":false},"articleListButtonsData":{"buttonsList":[{"label":"Les mer","url":"\/no\/?Article=6510","type":"readmore"}],"mode":"default"},"favouriteType":null,"mnu":null,"section":null,"displayId":true,"docId":6510,"identifier":"6510Article","docType":"Article","customDate":false,"teaserData":{"teaserText":"L\u00e6r deg entrepren\u00f8rskapsfaget!  ","mode":"default"},"content":{"teaser":"L\u00e6r deg entrepren\u00f8rskapsfaget!  ","intro":"Oppstart 27. januar (dagtid) eller 11. mars (kveldstid)\r\nBrenner du for en id\u00e9 og \u00f8nsker innspill p\u00e5 hvordan du kan utvikle den videre til en forretning? G\u00e5r du med tanker om \u00e5 starte egen bedrift, men lurer p\u00e5 hvor du skal begynne? Kanskje har du allerede startet for deg selv, men trenger r\u00e5d p\u00e5 veien videre? Eller skal bedriften din kanskje endre retning? Har du lyst til \u00e5 bli din egen arbeidsgiver? Hvis du kan svare ja p\u00e5 ett eller flere av disse sp\u00f8rsm\u00e5lene, s\u00e5 er dette programmet for deg!"},"titles":{"main":"GR\u00dcNDERKURS v\u00e5ren 2026 ","readMoreButton":"Les mer"},"urls":{"readMore":"\/no\/?Article=6510","booking":null},"created":{"date":"16.01.2026","time":"08:22","timestamp":1768548178},"introAllowHtml":false,"hasTicket":false,"extra":null,"hasReadMore":true,"media":{"imageData":{"path":"\/sites\/f\/futurum.no\/files\/2025\/05\/son_etablererprogram.png","width":940,"height":788,"aspectRatio":1.1928934010152283},"previewImageUrl":"\/sites\/f\/futurum.no\/files\/2025\/05\/son_etablererprogram.png?cropToFit=100x59&quality=50","imageVariants":[{"path":"\/sites\/f\/futurum.no\/files\/2025\/05\/son_etablererprogram.png?cropToFit=100x59&quality=75","width":100,"height":59,"aspectRatio":1.694915254237288},{"path":"\/sites\/f\/futurum.no\/files\/2025\/05\/son_etablererprogram.png?cropToFit=200x118&quality=75","width":200,"height":118,"aspectRatio":1.694915254237288},{"path":"\/sites\/f\/futurum.no\/files\/2025\/05\/son_etablererprogram.png?cropToFit=400x235&quality=75","width":400,"height":235,"aspectRatio":1.702127659574468},{"path":"\/sites\/f\/futurum.no\/files\/2025\/05\/son_etablererprogram.png?cropToFit=600x353&quality=75","width":600,"height":353,"aspectRatio":1.6997167138810199},{"path":"\/sites\/f\/futurum.no\/files\/2025\/05\/son_etablererprogram.png?cropToFit=800x471&quality=75","width":800,"height":471,"aspectRatio":1.6985138004246285},{"path":"\/sites\/f\/futurum.no\/files\/2025\/05\/son_etablererprogram.png?cropToFit=1000x588&quality=75","width":940,"height":553,"aspectRatio":1.6998191681735986},{"path":"\/sites\/f\/futurum.no\/files\/2025\/05\/son_etablererprogram.png?cropToFit=1200x706&quality=75","width":940,"height":553,"aspectRatio":1.6998191681735986}],"image":"\/sites\/f\/futurum.no\/files\/2025\/05\/son_etablererprogram.png","aspect":1.694915254237288,"type":"image","description":"Etablererprogram"},"additionalData":[]},{"classes":["outercol"],"isFavourite":false,"isExternalUrl":{"articleLink":false},"articleListButtonsData":{"buttonsList":[{"label":"Les mer","url":"\/no\/?Article=6460","type":"readmore"}],"mode":"default"},"favouriteType":null,"mnu":null,"section":null,"displayId":true,"docId":6460,"identifier":"6460Article","docType":"Article","customDate":false,"teaserData":{"teaserText":"","mode":"default"},"content":{"teaser":"","intro":"Narvikregionen opplever en kraftig vekst i interesse fra n\u00e6ringslivet. Etter etableringen av KI-senteret Stargate Norway i Bjerkvik har Futurum mottatt en str\u00f8m av henvendelser fra akt\u00f8rer som \u00f8nsker \u00e5 etablere seg i omr\u00e5det \u2013 med behov for kraft, arealer og boliger."},"titles":{"main":"Narvikregionen opplever stor p\u00e5gang fra n\u00e6ringslivet","readMoreButton":"Les mer"},"urls":{"readMore":"\/no\/?Article=6460","booking":null},"created":{"date":"26.08.2025","time":"08:57","timestamp":1756191420},"introAllowHtml":false,"hasTicket":false,"extra":null,"hasReadMore":true,"media":{"imageData":{"path":"\/sites\/f\/futurum.no\/files\/2025\/08\/lars_2.jpg","width":940,"height":788,"aspectRatio":1.1928934010152283},"previewImageUrl":"\/sites\/f\/futurum.no\/files\/2025\/08\/lars_2.jpg?cropToFit=100x59&quality=50","imageVariants":[{"path":"\/sites\/f\/futurum.no\/files\/2025\/08\/lars_2.jpg?cropToFit=100x59&quality=75","width":100,"height":59,"aspectRatio":1.694915254237288},{"path":"\/sites\/f\/futurum.no\/files\/2025\/08\/lars_2.jpg?cropToFit=200x118&quality=75","width":200,"height":118,"aspectRatio":1.694915254237288},{"path":"\/sites\/f\/futurum.no\/files\/2025\/08\/lars_2.jpg?cropToFit=400x235&quality=75","width":400,"height":235,"aspectRatio":1.702127659574468},{"path":"\/sites\/f\/futurum.no\/files\/2025\/08\/lars_2.jpg?cropToFit=600x353&quality=75","width":600,"height":353,"aspectRatio":1.6997167138810199},{"path":"\/sites\/f\/futurum.no\/files\/2025\/08\/lars_2.jpg?cropToFit=800x471&quality=75","width":800,"height":471,"aspectRatio":1.6985138004246285},{"path":"\/sites\/f\/futurum.no\/files\/2025\/08\/lars_2.jpg?cropToFit=1000x588&quality=75","width":940,"height":553,"aspectRatio":1.6998191681735986},{"path":"\/sites\/f\/futurum.no\/files\/2025\/08\/lars_2.jpg?cropToFit=1200x706&quality=75","width":940,"height":553,"aspectRatio":1.6998191681735986}],"image":"\/sites\/f\/futurum.no\/files\/2025\/08\/lars_2.jpg","aspect":1.694915254237288,"type":"image","description":"Lars Sigurd Eide"},"additionalData":[]}],"pages":[1],"currentPage":1,"sections":[]}